{"id":4139,"date":"2023-03-06T13:00:00","date_gmt":"2023-03-06T12:00:00","guid":{"rendered":"https:\/\/www.bedigitalevent.com\/2023\/?page_id=4139"},"modified":"2024-01-31T18:17:49","modified_gmt":"2024-01-31T17:17:49","slug":"antonio-baldassarra","status":"publish","type":"page","link":"https:\/\/www.bedigitalevent.com\/2023\/speakers-be-digital\/antonio-baldassarra\/","title":{"rendered":"Antonio Baldassarra"},"content":{"rendered":"\t\t<div data-elementor-type=\"wp-post\" data-elementor-id=\"4139\" class=\"elementor elementor-4139\" data-elementor-post-type=\"page\">\n\t\t\t\t\t\t<section class=\"elementor-section elementor-top-section elementor-element elementor-element-49c elementor-section-boxed elementor-section-height-default elementor-section-height-default\" data-id=\"49c\" data-element_type=\"section\" data-settings=\"{&quot;background_background&quot;:&quot;classic&quot;}\">\n\t\t\t\t\t\t<div class=\"elementor-container elementor-column-gap-default\">\n\t\t\t\t\t<div class=\"elementor-column elementor-col-50 elementor-top-column elementor-element elementor-element-2c0f\" data-id=\"2c0f\" data-element_type=\"column\" data-settings=\"{&quot;background_background&quot;:&quot;classic&quot;}\">\n\t\t\t<div class=\"elementor-widget-wrap elementor-element-populated\">\n\t\t\t\t\t\t<div class=\"elementor-element elementor-element-77c5700 elementor-widget elementor-widget-image\" data-id=\"77c5700\" data-element_type=\"widget\" data-settings=\"{&quot;ekit_we_effect_on&quot;:&quot;none&quot;}\" data-widget_type=\"image.default\">\n\t\t\t\t<div class=\"elementor-widget-container\">\n\t\t\t\t\t\t\t\t\t\t\t\t\t\t\t<img decoding=\"async\" src=\"https:\/\/www.bedigitalevent.com\/2023\/wp-content\/uploads\/elementor\/thumbs\/SeeWeb_Speaker-Antonio-q8djh31uoxu2jznqp6eatxmcj4ze5yr1w7xmdso1q0.png\" title=\"SeeWeb_Speaker-Antonio\" alt=\"SeeWeb_Speaker-Antonio\" loading=\"lazy\" \/>\t\t\t\t\t\t\t\t\t\t\t\t\t\t\t<\/div>\n\t\t\t\t<\/div>\n\t\t\t\t<div class=\"elementor-element elementor-element-7379 elementor-invisible elementor-widget elementor-widget-exhibz-title\" data-id=\"7379\" data-element_type=\"widget\" data-settings=\"{&quot;_animation&quot;:&quot;fadeIn&quot;,&quot;ekit_we_effect_on&quot;:&quot;none&quot;}\" data-widget_type=\"exhibz-title.default\">\n\t\t\t\t<div class=\"elementor-widget-container\">\n\t\t\t\t\t\n    <div class=\"title-section-area\">\n        <h2 class=\"section-title\">\n            <span class=\"sub-title\">#Cloud<\/span>\n\t\t\tAntonio Baldassarra        <\/h2>\n\t\t\t\t\t<div class=\"title-desc\"><h4><span style=\"color: #3b1c82\">Founder &amp; CEO<\/span><a href=\"https:\/\/www.seeweb.it\/\" target=\"_blank\" rel=\"noopener\"><img decoding=\"async\" class=\"alignnone wp-image-6277\" src=\"https:\/\/www.bedigitalevent.com\/2023\/wp-content\/uploads\/2024\/01\/seeweb_tc-1.png\" alt=\"\" width=\"200\" height=\"70\" \/><\/a><\/h4><\/div>\n\t\t                    <span class=\"title-shape\">\n                  <svg xmlns='http:\/\/www.w3.org\/2000\/svg' xmlns:xlink='http:\/\/www.w3.org\/1999\/xlink' width='71px' height='11px'> <path fill-rule='evenodd' d='M59.669,10.710 L49.164,3.306 L39.428,10.681 L29.714,3.322 L20.006,10.682 L10.295,3.322 L1.185,10.228 L-0.010,8.578 L10.295,0.765 L20.006,8.125 L29.714,0.765 L39.428,8.125 L49.122,0.781 L59.680,8.223 L69.858,1.192 L70.982,2.895 L59.669,10.710 Z'\/><\/svg>\n            <\/span>\n                    <\/div><!-- Section title -->\n    \n    \n\n    \t\t\t\t<\/div>\n\t\t\t\t<\/div>\n\t\t\t\t<div class=\"elementor-element elementor-element-7fd5508 elementor-invisible elementor-widget elementor-widget-exhibz-title\" data-id=\"7fd5508\" data-element_type=\"widget\" data-settings=\"{&quot;_animation&quot;:&quot;fadeIn&quot;,&quot;ekit_we_effect_on&quot;:&quot;none&quot;}\" data-widget_type=\"exhibz-title.default\">\n\t\t\t\t<div class=\"elementor-widget-container\">\n\t\t\t\t\t\n    <div class=\"title-section-area\">\n        <h2 class=\"section-title\">\n            <span class=\"sub-title\"><\/span>\n\t\t\t        <\/h2>\n\t\t\t\t\t<div class=\"title-desc\"><p>Con oltre trent'anni di esperienza in Elettronica, Telecomunicazioni e Informatica e una formazione in ingegneria elettronica, <strong>Antonio Baldassarra<\/strong> \u00e8 il fondatore di <strong>Seeweb<\/strong>, azienda italiana leader nei servizi infrastrutturali di <strong>Data Center e Cloud Computing<\/strong>. <br \/>\u00c8 stato membro del comitato tecnico e del consiglio di amministrazione di<i class=\"\"> Rome Nautilus Mediterranean Exchange <\/i>(Namex) e membro del comitato di indirizzo del ccTLD (CIR) del registro .IT presso l'IIT-CNR di Pisa. <br \/>Antonio \u00e8 anche impegnato nella creazione e nello sviluppo di business di startup e giovani aziende legate all'ambiente Internet e Cloud Computing attraverso investimenti e relazioni industriali; \u00e8 stato early investor e business angel in Docebo ora quotata al Nasdaq.<br \/>Attualmente \u00e8 impegnato professionalmente come CEO di Seeweb, CEP di DHH Spa, membro del consiglio di amministrazione\u00a0 del <i class=\"\">Consorzio Italia Cloud<\/i> e dell\u2019<i class=\"\">Associazione Italiana Internet Provider, AIIP<\/i>.<\/p><\/div>\n\t\t                    <\/div><!-- Section title -->\n    \n    \n\n    \t\t\t\t<\/div>\n\t\t\t\t<\/div>\n\t\t\t\t<div class=\"elementor-element elementor-element-9fe04d1 elementor-shape-rounded elementor-grid-0 e-grid-align-center elementor-widget elementor-widget-social-icons\" data-id=\"9fe04d1\" data-element_type=\"widget\" data-settings=\"{&quot;ekit_we_effect_on&quot;:&quot;none&quot;}\" data-widget_type=\"social-icons.default\">\n\t\t\t\t<div class=\"elementor-widget-container\">\n\t\t\t\t\t\t\t<div class=\"elementor-social-icons-wrapper elementor-grid\">\n\t\t\t\t\t\t\t<span class=\"elementor-grid-item\">\n\t\t\t\t\t<a class=\"elementor-icon elementor-social-icon elementor-social-icon- elementor-animation-grow elementor-repeater-item-b6978c2\" href=\"https:\/\/www.linkedin.com\/in\/antonio-baldassarra-82511b1\/\" target=\"_blank\">\n\t\t\t\t\t\t<span class=\"elementor-screen-only\"><\/span>\n\t\t\t\t\t\t<svg xmlns=\"http:\/\/www.w3.org\/2000\/svg\" height=\"512\" viewBox=\"0 0 24 24\" width=\"512\"><g fill=\"#0077b5\"><path d=\"m23.994 24v-.001h.006v-8.802c0-4.306-.927-7.623-5.961-7.623-2.42 0-4.044 1.328-4.707 2.587h-.07v-2.185h-4.773v16.023h4.97v-7.934c0-2.089.396-4.109 2.983-4.109 2.549 0 2.587 2.384 2.587 4.243v7.801z\"><\/path><path d=\"m.396 7.977h4.976v16.023h-4.976z\"><\/path><path d=\"m2.882 0c-1.591 0-2.882 1.291-2.882 2.882s1.291 2.909 2.882 2.909 2.882-1.318 2.882-2.909c-.001-1.591-1.292-2.882-2.882-2.882z\"><\/path><\/g><\/svg>\t\t\t\t\t<\/a>\n\t\t\t\t<\/span>\n\t\t\t\t\t<\/div>\n\t\t\t\t\t\t<\/div>\n\t\t\t\t<\/div>\n\t\t\t\t\t<\/div>\n\t\t<\/div>\n\t\t\t\t<div class=\"elementor-column elementor-col-50 elementor-top-column elementor-element elementor-element-28ce6be\" data-id=\"28ce6be\" data-element_type=\"column\">\n\t\t\t<div class=\"elementor-widget-wrap elementor-element-populated\">\n\t\t\t\t\t\t<section class=\"elementor-section elementor-inner-section elementor-element elementor-element-9aa6135 elementor-section-boxed elementor-section-height-default elementor-section-height-default\" data-id=\"9aa6135\" data-element_type=\"section\">\n\t\t\t\t\t\t<div class=\"elementor-container elementor-column-gap-default\">\n\t\t\t\t\t<div class=\"elementor-column elementor-col-50 elementor-inner-column elementor-element elementor-element-7d92fd9\" data-id=\"7d92fd9\" data-element_type=\"column\" data-settings=\"{&quot;background_background&quot;:&quot;classic&quot;}\">\n\t\t\t<div class=\"elementor-widget-wrap elementor-element-populated\">\n\t\t\t\t\t\t<div class=\"elementor-element elementor-element-56b961b elementor-invisible elementor-widget elementor-widget-exhibz-title\" data-id=\"56b961b\" data-element_type=\"widget\" data-settings=\"{&quot;_animation&quot;:&quot;fadeIn&quot;,&quot;ekit_we_effect_on&quot;:&quot;none&quot;}\" data-widget_type=\"exhibz-title.default\">\n\t\t\t\t<div class=\"elementor-widget-container\">\n\t\t\t\t\t\n    <div class=\"title-section-area\">\n        <h2 class=\"section-title\">\n            <span class=\"sub-title\"><\/span>\n\t\t\th. 11:20        <\/h2>\n\t\t                    <\/div><!-- Section title -->\n    \n    \n\n    \t\t\t\t<\/div>\n\t\t\t\t<\/div>\n\t\t\t\t\t<\/div>\n\t\t<\/div>\n\t\t\t\t<div class=\"elementor-column elementor-col-50 elementor-inner-column elementor-element elementor-element-d7c8826\" data-id=\"d7c8826\" data-element_type=\"column\">\n\t\t\t<div class=\"elementor-widget-wrap elementor-element-populated\">\n\t\t\t\t\t\t<div class=\"elementor-element elementor-element-3a92bca elementor-invisible elementor-widget elementor-widget-exhibz-title\" data-id=\"3a92bca\" data-element_type=\"widget\" data-settings=\"{&quot;_animation&quot;:&quot;fadeIn&quot;,&quot;ekit_we_effect_on&quot;:&quot;none&quot;}\" data-widget_type=\"exhibz-title.default\">\n\t\t\t\t<div class=\"elementor-widget-container\">\n\t\t\t\t\t\n    <div class=\"title-section-area\">\n        <h2 class=\"section-title\">\n            <span class=\"sub-title\">#Cloud<\/span>\n\t\t\t        <\/h2>\n\t\t\t\t\t<div class=\"title-desc\"><h3><span style=\"color: #3b1c82\">Le soluzioni di Cloud Computing: perch\u00e9 sono un vantaggio competitivo<\/span><\/h3><\/div>\n\t\t                    <\/div><!-- Section title -->\n    \n    \n\n    \t\t\t\t<\/div>\n\t\t\t\t<\/div>\n\t\t\t\t<div class=\"elementor-element elementor-element-5298020 elementor-invisible elementor-widget elementor-widget-exhibz-title\" data-id=\"5298020\" data-element_type=\"widget\" data-settings=\"{&quot;_animation&quot;:&quot;fadeIn&quot;,&quot;ekit_we_effect_on&quot;:&quot;none&quot;}\" data-widget_type=\"exhibz-title.default\">\n\t\t\t\t<div class=\"elementor-widget-container\">\n\t\t\t\t\t\n    <div class=\"title-section-area\">\n        <h2 class=\"section-title\">\n            <span class=\"sub-title\"><\/span>\n\t\t\t        <\/h2>\n\t\t\t\t\t<div class=\"title-desc\"><p><span style=\"font-weight: 400\">Il<strong> Cloud Computing<\/strong> consente di fruire di servizi e applicazioni informatiche allo stato dell\u2019arte senza dotarsi di infrastrutture costose e onerose nella gestione; cos\u00ec, anche aziende pi\u00f9 piccole possono usare soluzioni normalmente appannaggio di grandi multinazionali.<\/span><\/p><p><span style=\"font-weight: 400\">La disponibilit\u00e0 di strumenti a basso costo che non richiedono competenze specializzate interne consente alle imprese di guadagnare un importante vantaggio competitivo.<\/span><\/p><p><span style=\"font-weight: 400\">Adottare <strong>soluzioni cloud<\/strong> offerte da Cloud Partner capaci di supportare il cliente sia nella loro definizione progettuale sia nella qualit\u00e0 di erogazione del servizio con il massimo livello di affidabilit\u00e0, sicurezza e conformit\u00e0 alle norme consente peraltro alle PMI di disporre di soluzioni informatiche sicure e monitorate e, quindi, dedicarsi serenamente e concretamente al proprio core business.<\/span><\/p><\/div>\n\t\t                    <\/div><!-- Section title -->\n    \n    \n\n    \t\t\t\t<\/div>\n\t\t\t\t<\/div>\n\t\t\t\t\t<\/div>\n\t\t<\/div>\n\t\t\t\t\t<\/div>\n\t\t<\/section>\n\t\t\t\t\t<\/div>\n\t\t<\/div>\n\t\t\t\t\t<\/div>\n\t\t<\/section>\n\t\t\t\t<section class=\"elementor-section elementor-top-section elementor-element elementor-element-5c273bc elementor-section-boxed elementor-section-height-default elementor-section-height-default\" data-id=\"5c273bc\" data-element_type=\"section\" data-settings=\"{&quot;background_background&quot;:&quot;classic&quot;}\">\n\t\t\t\t\t\t<div class=\"elementor-container elementor-column-gap-default\">\n\t\t\t\t\t<div class=\"elementor-column elementor-col-100 elementor-top-column elementor-element elementor-element-42727ac\" data-id=\"42727ac\" data-element_type=\"column\">\n\t\t\t<div class=\"elementor-widget-wrap elementor-element-populated\">\n\t\t\t\t\t\t<div class=\"elementor-element elementor-element-49be0be elementor-widget elementor-widget-exhibz-title\" data-id=\"49be0be\" data-element_type=\"widget\" data-settings=\"{&quot;ekit_we_effect_on&quot;:&quot;none&quot;}\" data-widget_type=\"exhibz-title.default\">\n\t\t\t\t<div class=\"elementor-widget-container\">\n\t\t\t\t\t\n    <div class=\"title-section-area\">\n        <h2 class=\"section-title\">\n            <span class=\"sub-title\"><\/span>\n\t\t\tIl programma completo della giornata        <\/h2>\n\t\t                    <span class=\"title-shape\">\n                  <svg xmlns='http:\/\/www.w3.org\/2000\/svg' xmlns:xlink='http:\/\/www.w3.org\/1999\/xlink' width='71px' height='11px'> <path fill-rule='evenodd' d='M59.669,10.710 L49.164,3.306 L39.428,10.681 L29.714,3.322 L20.006,10.682 L10.295,3.322 L1.185,10.228 L-0.010,8.578 L10.295,0.765 L20.006,8.125 L29.714,0.765 L39.428,8.125 L49.122,0.781 L59.680,8.223 L69.858,1.192 L70.982,2.895 L59.669,10.710 Z'\/><\/svg>\n            <\/span>\n                    <\/div><!-- Section title -->\n    \n    \n\n    \t\t\t\t<\/div>\n\t\t\t\t<\/div>\n\t\t\t\t\t<\/div>\n\t\t<\/div>\n\t\t\t\t\t<\/div>\n\t\t<\/section>\n\t\t\t\t<section class=\"elementor-section elementor-top-section elementor-element elementor-element-05b851c elementor-section-boxed elementor-section-height-default elementor-section-height-default\" data-id=\"05b851c\" data-element_type=\"section\" data-settings=\"{&quot;background_background&quot;:&quot;classic&quot;}\">\n\t\t\t\t\t\t<div class=\"elementor-container elementor-column-gap-default\">\n\t\t\t\t\t<div class=\"elementor-column elementor-col-100 elementor-top-column elementor-element elementor-element-5beb176\" data-id=\"5beb176\" data-element_type=\"column\">\n\t\t\t<div class=\"elementor-widget-wrap elementor-element-populated\">\n\t\t\t\t\t\t<div class=\"elementor-element elementor-element-df81ac9 elementor-widget elementor-widget-exhibz-schedule\" data-id=\"df81ac9\" data-element_type=\"widget\" data-settings=\"{&quot;ekit_we_effect_on&quot;:&quot;none&quot;}\" data-widget_type=\"exhibz-schedule.default\">\n\t\t\t\t<div class=\"elementor-widget-container\">\n\t\t\t\t\t   <section class=\"ts-schedule\">\n      <div class=\"container\">\n         <div class=\"row\">\n            <div class=\"col-lg-12\" style=\"display:none\">\n               <h2 class=\"section-title\">\n\n                  Venerd\u00ec 9 Giugno               <\/h2>\n            <\/div>\n            <!-- col end-->\n         <\/div>\n         <!-- row end-->\n         <div class=\"row\">\n            <div class=\"col-lg-12\">\n               <div class=\"tab-content schedule-tabs\">\n                  <div role=\"tabpanel\" class=\"tab-pane active\" id=\"date3\" aria-labelledby=\"date3-tab\">\n                                             <div class=\"schedule-listing multi-schedule-list\">\n                           <div class=\"schedule-slot-time\">\n                              <span> 9:00 <\/span>\n                           <\/div>\n                           <div class=\"schedule-slot-info\">\n                                                               <div class=\"single-speaker ts-break\"><\/div>\n                                                            <div class=\"schedule-slot-info-content\">\n\n                                 <h3 class=\"schedule-slot-title\">\n                                    Salita a bordo &amp; Welcome Coffee                                 <\/h3>\n                                 <p>\n                                                                     <\/p>\n                              <\/div>\n                              <!--Info content end -->\n                           <\/div>\n                           <!-- Slot info end -->\n                        <\/div>\n                        <!--schedule-listing end -->\n                                             <div class=\"schedule-listing multi-schedule-list\">\n                           <div class=\"schedule-slot-time\">\n                              <span> 10:00 <\/span>\n                           <\/div>\n                           <div class=\"schedule-slot-info\">\n                                                               <div class=\"single-speaker ts-break\"><\/div>\n                                                            <div class=\"schedule-slot-info-content\">\n\n                                 <h3 class=\"schedule-slot-title\">\n                                    Benvenuto e saluto istituzionale                                 <\/h3>\n                                 <p>\n                                    <p><strong>Alfredo Viglienzoni<\/strong> - Direttore della Direzione Tecnologie Digitalizzazione e Smart City<\/p><p><a href=\"https:\/\/www.bedigitalevent.com\/2023\/eva-perasso\/\"><strong>Eva Perasso - Moderatrice dell'evento<\/strong><\/a><br \/><a href=\"https:\/\/www.bedigitalevent.com\/2023\/eva-perasso\/\"><img fetchpriority=\"high\" decoding=\"async\" class=\"alignnone wp-image-4325\" src=\"https:\/\/www.bedigitalevent.com\/2023\/wp-content\/uploads\/2023\/03\/Eva-Perasso_tondo.png\" alt=\"\" width=\"250\" height=\"250\" \/><\/a><\/p>                                 <\/p>\n                              <\/div>\n                              <!--Info content end -->\n                           <\/div>\n                           <!-- Slot info end -->\n                        <\/div>\n                        <!--schedule-listing end -->\n                                             <div class=\"schedule-listing multi-schedule-list\">\n                           <div class=\"schedule-slot-time\">\n                              <span> 10:20 <\/span>\n                           <\/div>\n                           <div class=\"schedule-slot-info\">\n                                                               <div class=\"single-speaker ts-break\"><\/div>\n                                                            <div class=\"schedule-slot-info-content\">\n\n                                 <h3 class=\"schedule-slot-title\">\n                                    User Experience: quale \u00e8 il valore economico della UX e perch\u00e9 investire in questo approccio                                 <\/h3>\n                                 <p>\n                                    <p><span style=\"font-weight: 400\">Nel mondo digital, e non solo, si sente sempre pi\u00f9 parlare di User Experience Design, ma di che cosa si tratta effettivamente?\u00a0<\/span><span style=\"font-weight: 400\">Perch\u00e9 un\u2019azienda dovrebbe investire nell\u2019esperienza utente? E soprattutto quale \u00e8 il ritorno di investimento della UX?<\/span><\/p><p><a href=\"https:\/\/www.bedigitalevent.com\/2023\/speakers-be-digital\/matteo-camia\/\"><strong>Matteo Camia - CEO &amp; Founder Fancy Factory<\/strong><\/a><br \/><a href=\"https:\/\/www.bedigitalevent.com\/2023\/speakers-be-digital\/matteo-camia\/\"><img decoding=\"async\" class=\"alignnone wp-image-4388\" src=\"https:\/\/www.bedigitalevent.com\/2023\/wp-content\/uploads\/2022\/07\/FancyFactory_Speaker-Matteo.png\" alt=\"\" width=\"250\" height=\"250\" \/><\/a><\/p>                                 <\/p>\n                              <\/div>\n                              <!--Info content end -->\n                           <\/div>\n                           <!-- Slot info end -->\n                        <\/div>\n                        <!--schedule-listing end -->\n                                             <div class=\"schedule-listing multi-schedule-list\">\n                           <div class=\"schedule-slot-time\">\n                              <span> 10:40 <\/span>\n                           <\/div>\n                           <div class=\"schedule-slot-info\">\n                                                               <div class=\"single-speaker ts-break\"><\/div>\n                                                            <div class=\"schedule-slot-info-content\">\n\n                                 <h3 class=\"schedule-slot-title\">\n                                    Creativity Code: come sviluppare il pensiero creativo                                 <\/h3>\n                                 <p>\n                                    <p><span style=\"font-weight: 400\">Molto spesso si pensa che sviluppatore e designer non riescano a comunicare correttamente, ma in realt\u00e0 questo \u00e8 il punto di partenza per poter realizzare un sito web funzionale e accattivante.\u00a0<\/span><span style=\"font-weight: 400\">Ma... come si arriva a realizzare un sito partendo dal pensiero creativo?<\/span><\/p><div style=\"float: left;width: 50%;text-align: center\"><a href=\"https:\/\/www.bedigitalevent.com\/2023\/speakers-be-digital\/michele-zanetti\/\"><strong>Michele Zanetti<br \/>Co-Founder &amp; CTO<br \/>Gmg Net<\/strong><\/a><a href=\"https:\/\/www.bedigitalevent.com\/2023\/speakers-be-digital\/michele-zanetti\/\"><img loading=\"lazy\" decoding=\"async\" class=\"wp-image-4385 aligncenter\" src=\"https:\/\/www.bedigitalevent.com\/2023\/wp-content\/uploads\/2022\/07\/GMG_Speaker-Michele-1.png\" alt=\"\" width=\"250\" height=\"250\" \/><\/a><\/div><div style=\"float: right;width: 50%;text-align: center\"><a href=\"https:\/\/www.bedigitalevent.com\/2023\/speakers-be-digital\/martina-caprari\/\"><strong>Martina Caprari<br \/>Web Designer<br \/>Fancy Factory<\/strong><\/a><a href=\"https:\/\/www.bedigitalevent.com\/2023\/speakers-be-digital\/martina-caprari\/\"><img loading=\"lazy\" decoding=\"async\" class=\"wp-image-4387 aligncenter\" src=\"https:\/\/www.bedigitalevent.com\/2023\/wp-content\/uploads\/2022\/07\/FancyFactory_Speaker-Martina.png\" alt=\"\" width=\"250\" height=\"250\" \/><\/a><\/div>                                 <\/p>\n                              <\/div>\n                              <!--Info content end -->\n                           <\/div>\n                           <!-- Slot info end -->\n                        <\/div>\n                        <!--schedule-listing end -->\n                                             <div class=\"schedule-listing multi-schedule-list\">\n                           <div class=\"schedule-slot-time\">\n                              <span> 11:00 <\/span>\n                           <\/div>\n                           <div class=\"schedule-slot-info\">\n                                                               <div class=\"single-speaker ts-break\"><\/div>\n                                                            <div class=\"schedule-slot-info-content\">\n\n                                 <h3 class=\"schedule-slot-title\">\n                                    Cybersecurity: perch\u00e9 le aziende non possono farne a meno nello sviluppo web e nel marketing                                 <\/h3>\n                                 <p>\n                                    <p>Nel 2023 non avere una strategia sulla cybersecurity significa mettere a serio rischio l\u2019esistenza e il successo di un sito o di un progetto di marketing digitale.<br \/>Proprio come lasciare aperta la porta di casa.<\/p><p><a href=\"https:\/\/www.bedigitalevent.com\/2023\/speakers-be-digital\/luca-busi\/\"><strong>Luca Busi - CEO &amp; Founder Gmg Net<\/strong><\/a><\/p><p><a href=\"https:\/\/www.bedigitalevent.com\/2023\/speakers-be-digital\/luca-busi\/\"><img loading=\"lazy\" decoding=\"async\" class=\"alignnone wp-image-4384\" src=\"https:\/\/www.bedigitalevent.com\/2023\/wp-content\/uploads\/2022\/07\/GMG_Speaker-luca.png\" alt=\"\" width=\"250\" height=\"250\" \/><\/a><\/p>                                 <\/p>\n                              <\/div>\n                              <!--Info content end -->\n                           <\/div>\n                           <!-- Slot info end -->\n                        <\/div>\n                        <!--schedule-listing end -->\n                                             <div class=\"schedule-listing multi-schedule-list\">\n                           <div class=\"schedule-slot-time\">\n                              <span> 11:20 <\/span>\n                           <\/div>\n                           <div class=\"schedule-slot-info\">\n                                                               <div class=\"single-speaker ts-break\"><\/div>\n                                                            <div class=\"schedule-slot-info-content\">\n\n                                 <h3 class=\"schedule-slot-title\">\n                                    Le soluzioni di Cloud Computing: perch\u00e9 sono un vantaggio competitivo                                 <\/h3>\n                                 <p>\n                                    <p><span style=\"font-weight: 400\">Il Cloud Computing consente di fruire di servizi e applicazioni informatiche allo stato dell\u2019arte senza dotarsi di infrastrutture costose e onerose nella gestione; cos\u00ec, anche aziende pi\u00f9 piccole possono usare soluzioni normalmente appannaggio di grandi multinazionali.<br \/><\/span><span style=\"font-weight: 400\">La disponibilit\u00e0 di strumenti a basso costo che non richiedono competenze specializzate interne consente alle imprese di guadagnare un importante vantaggio competitivo.\u00a0<\/span><\/p><p><a href=\"https:\/\/www.bedigitalevent.com\/2023\/speakers-be-digital\/antonio-baldassarra\"><strong>Antonio Baldassarra, \u00a0CEO Seeweb<\/strong><\/a><\/p><p><a href=\"https:\/\/www.bedigitalevent.com\/2023\/speakers-be-digital\/antonio-baldassarra\"><img loading=\"lazy\" decoding=\"async\" class=\"alignnone wp-image-4389\" src=\"https:\/\/www.bedigitalevent.com\/2023\/wp-content\/uploads\/2022\/07\/SeeWeb_Speaker-Antonio.png\" alt=\"\" width=\"250\" height=\"250\" \/><\/a><\/p>                                 <\/p>\n                              <\/div>\n                              <!--Info content end -->\n                           <\/div>\n                           <!-- Slot info end -->\n                        <\/div>\n                        <!--schedule-listing end -->\n                                             <div class=\"schedule-listing multi-schedule-list\">\n                           <div class=\"schedule-slot-time\">\n                              <span> 11:40 <\/span>\n                           <\/div>\n                           <div class=\"schedule-slot-info\">\n                                                               <div class=\"single-speaker ts-break\"><\/div>\n                                                            <div class=\"schedule-slot-info-content\">\n\n                                 <h3 class=\"schedule-slot-title\">\n                                    Business Solution al servizio della crescita delle aziende - ERP                                 <\/h3>\n                                 <p>\n                                    <p><span style=\"font-weight: 400\">Le aziende che stanno investendo nella tecnologia della digitalizzazione non stanno semplicemente facendo una scelta lungimirante, ma \u00e8 il mercato che lo pretende. \u00c9 quindi fondamentale definire una Roadmap strategica della trasformazione digitale, per identificare il percorso evolutivo dei processi industriali e le azioni strategiche prioritarie per guidare l\u2019azienda con un adeguato livello di readiness attraverso tale percorso.<\/span><\/p><p><a href=\"https:\/\/www.bedigitalevent.com\/2023\/speakers-be-digital\/francesco-lanza\/\"><strong>Francesco Lanza - Solution Architect Nubetech Group<\/strong><\/a><\/p><p><a href=\"https:\/\/www.bedigitalevent.com\/2023\/speakers-be-digital\/francesco-lanza\/\"><img loading=\"lazy\" decoding=\"async\" class=\"alignnone wp-image-5531\" src=\"https:\/\/www.bedigitalevent.com\/2023\/wp-content\/uploads\/2018\/12\/Francesco-Lanza.png\" alt=\"Francesco-Lanza\" width=\"250\" height=\"250\" \/><\/a><\/p>                                 <\/p>\n                              <\/div>\n                              <!--Info content end -->\n                           <\/div>\n                           <!-- Slot info end -->\n                        <\/div>\n                        <!--schedule-listing end -->\n                                             <div class=\"schedule-listing multi-schedule-list\">\n                           <div class=\"schedule-slot-time\">\n                              <span> 12:00 <\/span>\n                           <\/div>\n                           <div class=\"schedule-slot-info\">\n                                                               <div class=\"single-speaker ts-break\"><\/div>\n                                                            <div class=\"schedule-slot-info-content\">\n\n                                 <h3 class=\"schedule-slot-title\">\n                                    Rapporto multicanale con attuali e potenziali clienti, sfida o opportunit\u00e0?                                 <\/h3>\n                                 <p>\n                                    <p><span style=\"font-weight: 400\">Il nostro comportamento negli acquisti sta diventando sempre pi\u00f9 digitale. Questo ha un profondo impatto nella modalit\u00e0 di gestire il business delle aziende. I punti di contatto con i clienti sono fisici e digitali e sempre pi\u00f9 multicanale.<br \/>Il vantaggio competitivo si ottiene con azioni rapide e con una vista a 360 gradi dei nostri clienti durante tutti i momenti in cui ci relazioniamo con loro. Voi siete pronti?<\/span><\/p><p><a href=\"https:\/\/www.bedigitalevent.com\/2023\/speakers-be-digital\/carlo-capalbo\/\"><strong>Carlo Capalbo - Partner Operation &amp; Quality Horsa Grow<\/strong><\/a><\/p><p><a href=\"https:\/\/www.bedigitalevent.com\/2023\/speakers-be-digital\/carlo-capalbo\/\"><img loading=\"lazy\" decoding=\"async\" class=\"alignnone wp-image-4392\" src=\"https:\/\/www.bedigitalevent.com\/2023\/wp-content\/uploads\/2022\/07\/Speaker-Capalbo.png\" alt=\"\" width=\"250\" height=\"250\" \/><\/a><\/p>                                 <\/p>\n                              <\/div>\n                              <!--Info content end -->\n                           <\/div>\n                           <!-- Slot info end -->\n                        <\/div>\n                        <!--schedule-listing end -->\n                                             <div class=\"schedule-listing multi-schedule-list\">\n                           <div class=\"schedule-slot-time\">\n                              <span> 12:20 <\/span>\n                           <\/div>\n                           <div class=\"schedule-slot-info\">\n                                                               <div class=\"single-speaker ts-break\"><\/div>\n                                                            <div class=\"schedule-slot-info-content\">\n\n                                 <h3 class=\"schedule-slot-title\">\n                                    Lunch Break                                 <\/h3>\n                                 <p>\n                                    <p>Momento di condivisione<\/p>                                 <\/p>\n                              <\/div>\n                              <!--Info content end -->\n                           <\/div>\n                           <!-- Slot info end -->\n                        <\/div>\n                        <!--schedule-listing end -->\n                                             <div class=\"schedule-listing multi-schedule-list\">\n                           <div class=\"schedule-slot-time\">\n                              <span> 13:50 <\/span>\n                           <\/div>\n                           <div class=\"schedule-slot-info\">\n                                                               <div class=\"single-speaker ts-break\"><\/div>\n                                                            <div class=\"schedule-slot-info-content\">\n\n                                 <h3 class=\"schedule-slot-title\">\n                                    Comunicare online la Digital Transformation: gli strumenti a disposizione delle aziende                                 <\/h3>\n                                 <p>\n                                    <p><span style=\"font-weight: 400\">Social Media, Video ed Email Marketing, Advertising, SEO\u2026 gli strumenti che il digital marketing mette a disposizione delle aziende sono tanti e hanno caratteristiche diverse. Quali sono i migliori per la tua impresa? Come utilizzarli al meglio?<\/span><\/p><div style=\"float: left;width: 50%;text-align: center\"><a href=\"https:\/\/www.bedigitalevent.com\/2023\/speakers-be-digital\/erika-bruni\/\"><strong>Erika Bruni<br \/>UX Designer<br \/>Fancy Factory<\/strong><\/a><a href=\"https:\/\/www.bedigitalevent.com\/2023\/speakers-be-digital\/erika-bruni\/\"><img loading=\"lazy\" decoding=\"async\" class=\"aligncenter wp-image-4386\" src=\"https:\/\/www.bedigitalevent.com\/2023\/wp-content\/uploads\/2022\/07\/FancyFactory_Speaker-Erika.png\" alt=\"\" width=\"250\" height=\"250\" \/><\/a><\/div><div style=\"float: right;width: 50%;text-align: center\"><a href=\"https:\/\/www.bedigitalevent.com\/2023\/speakers-be-digital\/deborah-campioni\/\"><strong>Deborah Campioni<br \/>Digital Marketing Manager<br \/>Gmg Net<\/strong><\/a><a href=\"https:\/\/www.bedigitalevent.com\/2023\/speakers-be-digital\/deborah-campioni\/\"><img loading=\"lazy\" decoding=\"async\" class=\"aligncenter wp-image-4383\" src=\"https:\/\/www.bedigitalevent.com\/2023\/wp-content\/uploads\/2022\/07\/GMG_Speaker-Deborah.png\" alt=\"\" width=\"250\" height=\"250\" \/><\/a><\/div>                                 <\/p>\n                              <\/div>\n                              <!--Info content end -->\n                           <\/div>\n                           <!-- Slot info end -->\n                        <\/div>\n                        <!--schedule-listing end -->\n                                             <div class=\"schedule-listing multi-schedule-list\">\n                           <div class=\"schedule-slot-time\">\n                              <span> 14:10 <\/span>\n                           <\/div>\n                           <div class=\"schedule-slot-info\">\n                                                               <div class=\"single-speaker ts-break\"><\/div>\n                                                            <div class=\"schedule-slot-info-content\">\n\n                                 <h3 class=\"schedule-slot-title\">\n                                    Innovazione tecnologica e sostenibilit\u00e0: un mix di incentivi e nuove opportunit\u00e0 per la crescita d\u2019impresa                                 <\/h3>\n                                 <p>\n                                    <p>Transizione Digitale, Energetica, Ecologica, Comunit\u00e0 Energetiche, Trasferimento Tecnologico sono le sfide che oggi le Imprese devono affrontare in un contesto di grandi cambiamenti e adattamenti indispensabili per evolvere e conquistare competitivit\u00e0, spazi di mercato.\u00a0Ma mai come oggi gli investimenti sono agevolati da misure e strumenti incentivanti che garantiscono la possibilit\u00e0 di godere ogni anno e negli anni di benefici certi per facilitare il cambiamento.<\/p><p><a href=\"https:\/\/www.bedigitalevent.com\/2023\/speakers-be-digital\/fabio-glave\/\"><strong>Ing. Fabio Glave - CEO Gieffe Research<\/strong><\/a><\/p><p><a href=\"https:\/\/www.bedigitalevent.com\/2023\/speakers-be-digital\/fabio-glave\/\"><img loading=\"lazy\" decoding=\"async\" class=\"alignnone wp-image-4390\" src=\"https:\/\/www.bedigitalevent.com\/2023\/wp-content\/uploads\/2022\/07\/SeeWeb_Speaker-Fabio.png\" alt=\"\" width=\"250\" height=\"250\" \/><\/a><\/p>                                 <\/p>\n                              <\/div>\n                              <!--Info content end -->\n                           <\/div>\n                           <!-- Slot info end -->\n                        <\/div>\n                        <!--schedule-listing end -->\n                                             <div class=\"schedule-listing multi-schedule-list\">\n                           <div class=\"schedule-slot-time\">\n                              <span> 14:30 <\/span>\n                           <\/div>\n                           <div class=\"schedule-slot-info\">\n                                                               <div class=\"single-speaker ts-break\"><\/div>\n                                                            <div class=\"schedule-slot-info-content\">\n\n                                 <h3 class=\"schedule-slot-title\">\n                                    Rischio Cyber: la protezione dell&#039;azienda dal vulnerability assessment al pronto intervento                                 <\/h3>\n                                 <p>\n                                    <p>Il Cybercrime \u00e8 l\u2019insieme dei reati perpetrati da soggetti, comunemente denominati hacker, attraverso l\u2019uso di tecnologie e strumenti informatici. Difendersi e prevenire un attacco informatico \u00e8 possibile e doveroso, ma le crescenti abilit\u00e0 degli hacker mostrano che anche i sistemi informatici pi\u00f9 protetti ed evoluti a volte sono vulnerabili. Esistono quindi soluzioni per mettersi al sicuro dalle conseguenze di questa eventualit\u00e0? \u00c8 possibile valutare il livello di sicurezza del proprio Sistema Informatico?<\/p><p><a href=\"https:\/\/www.bedigitalevent.com\/2023\/speakers-be-digital\/carlo-tenderini\/\"><strong>Carlo Tenderini - Agente Generale Generali Italia Agenzia di Genova Piazza Dante<\/strong><\/a><\/p><p><a href=\"https:\/\/www.bedigitalevent.com\/2023\/speakers-be-digital\/carlo-tenderini\/\"><img loading=\"lazy\" decoding=\"async\" class=\"alignnone wp-image-4780\" src=\"https:\/\/www.bedigitalevent.com\/2023\/wp-content\/uploads\/2023\/03\/carlo-tenderini-bedigital-copia-2.png\" alt=\"\" width=\"250\" height=\"250\" \/><\/a><\/p><p>&nbsp;<\/p>                                 <\/p>\n                              <\/div>\n                              <!--Info content end -->\n                           <\/div>\n                           <!-- Slot info end -->\n                        <\/div>\n                        <!--schedule-listing end -->\n                                             <div class=\"schedule-listing multi-schedule-list\">\n                           <div class=\"schedule-slot-time\">\n                              <span> 14:50 <\/span>\n                           <\/div>\n                           <div class=\"schedule-slot-info\">\n                                                               <div class=\"single-speaker ts-break\"><\/div>\n                                                            <div class=\"schedule-slot-info-content\">\n\n                                 <h3 class=\"schedule-slot-title\">\n                                    Tavola Rotonda - Confronto sulla digitalizzazione online di domani: prospettive, progetti e opportunit\u00e0                                 <\/h3>\n                                 <p>\n                                    <p>Interverranno:<\/p><p><strong>Guido Conforti<\/strong> - Direttore Generale, <em>Confindustria<\/em><\/p><p><strong>Elena Levratti<\/strong> - Direzione di Area Technology Office Responsabile Digitalizzazione, Transizione Digitale, Agenda Digitale e PON Metro, <em>Comune di Genova<\/em><\/p><p><strong>Daniela Boccadoro Ameri<\/strong> - Presidente,&nbsp;<em>Ameri Communications<\/em><\/p><p><strong>Serena Pagliosa<\/strong> - Digital Strategist e Digital Promoter,&nbsp;<em>Camera di Commercio di Genova<\/em><\/p><p><strong>Alessandra Monti -&nbsp;<\/strong>Marketing Manager, <em>Axpo Italia<\/em><\/p>                                 <\/p>\n                              <\/div>\n                              <!--Info content end -->\n                           <\/div>\n                           <!-- Slot info end -->\n                        <\/div>\n                        <!--schedule-listing end -->\n                                             <div class=\"schedule-listing multi-schedule-list\">\n                           <div class=\"schedule-slot-time\">\n                              <span> 16:00 <\/span>\n                           <\/div>\n                           <div class=\"schedule-slot-info\">\n                                                               <div class=\"single-speaker ts-break\"><\/div>\n                                                            <div class=\"schedule-slot-info-content\">\n\n                                 <h3 class=\"schedule-slot-title\">\n                                    Condivisione e saluti                                 <\/h3>\n                                 <p>\n                                                                     <\/p>\n                              <\/div>\n                              <!--Info content end -->\n                           <\/div>\n                           <!-- Slot info end -->\n                        <\/div>\n                        <!--schedule-listing end -->\n                                             <div class=\"schedule-listing multi-schedule-list\">\n                           <div class=\"schedule-slot-time\">\n                              <span> Entro le 17:00 <\/span>\n                           <\/div>\n                           <div class=\"schedule-slot-info\">\n                                                               <div class=\"single-speaker ts-break\"><\/div>\n                                                            <div class=\"schedule-slot-info-content\">\n\n                                 <h3 class=\"schedule-slot-title\">\n                                    Sbarco                                 <\/h3>\n                                 <p>\n                                                                     <\/p>\n                              <\/div>\n                              <!--Info content end -->\n                           <\/div>\n                           <!-- Slot info end -->\n                        <\/div>\n                        <!--schedule-listing end -->\n                                          <!--schedule-listing end -->\n                     <div class=\"schedule-listing-btn\">\n                     <\/div>\n                  <\/div>\n               <\/div>\n            <\/div>\n         <\/div>\n      <\/div>\n      <!-- container end-->\n   <\/section>\n\t\t\t\t<\/div>\n\t\t\t\t<\/div>\n\t\t\t\t<div class=\"elementor-element elementor-element-a386483 elementor-align-center elementor-hidden-desktop elementor-hidden-tablet elementor-hidden-mobile elementor-invisible elementor-widget elementor-widget-button\" data-id=\"a386483\" data-element_type=\"widget\" data-settings=\"{&quot;_animation&quot;:&quot;fadeInUp&quot;,&quot;ekit_we_effect_on&quot;:&quot;none&quot;}\" data-widget_type=\"button.default\">\n\t\t\t\t<div class=\"elementor-widget-container\">\n\t\t\t\t\t\t\t\t\t<div class=\"elementor-button-wrapper\">\n\t\t\t\t\t<a class=\"elementor-button elementor-button-link elementor-size-lg\" href=\"#iscriviti\" target=\"_blank\">\n\t\t\t\t\t\t<span class=\"elementor-button-content-wrapper\">\n\t\t\t\t\t\t\t\t\t<span class=\"elementor-button-text\">prenota il tuo posto!<\/span>\n\t\t\t\t\t<\/span>\n\t\t\t\t\t<\/a>\n\t\t\t\t<\/div>\n\t\t\t\t\t\t\t\t<\/div>\n\t\t\t\t<\/div>\n\t\t\t\t\t<\/div>\n\t\t<\/div>\n\t\t\t\t\t<\/div>\n\t\t<\/section>\n\t\t\t\t<section class=\"elementor-section elementor-top-section elementor-element elementor-element-1e4bbcd elementor-section-boxed elementor-section-height-default elementor-section-height-default\" data-id=\"1e4bbcd\" data-element_type=\"section\" id=\"dovesiamo\" data-settings=\"{&quot;background_background&quot;:&quot;classic&quot;,&quot;animation_mobile&quot;:&quot;fadeIn&quot;}\">\n\t\t\t\t\t\t\t<div class=\"elementor-background-overlay\"><\/div>\n\t\t\t\t\t\t\t<div class=\"elementor-container elementor-column-gap-default\">\n\t\t\t\t\t<div class=\"elementor-column elementor-col-50 elementor-top-column elementor-element elementor-element-462dfac0\" data-id=\"462dfac0\" data-element_type=\"column\">\n\t\t\t<div class=\"elementor-widget-wrap elementor-element-populated\">\n\t\t\t\t\t\t<div class=\"elementor-element elementor-element-6f7e19a9 elementor-widget elementor-widget-exhibz-title\" data-id=\"6f7e19a9\" data-element_type=\"widget\" data-settings=\"{&quot;ekit_we_effect_on&quot;:&quot;none&quot;}\" data-widget_type=\"exhibz-title.default\">\n\t\t\t\t<div class=\"elementor-widget-container\">\n\t\t\t\t\t\n    <div class=\"title-section-area\">\n        <h2 class=\"section-title\">\n            <span class=\"sub-title\"><\/span>\n\t\t\tContatti        <\/h2>\n\t\t                    <span class=\"title-shape\">\n                  <svg xmlns='http:\/\/www.w3.org\/2000\/svg' xmlns:xlink='http:\/\/www.w3.org\/1999\/xlink' width='71px' height='11px'> <path fill-rule='evenodd' d='M59.669,10.710 L49.164,3.306 L39.428,10.681 L29.714,3.322 L20.006,10.682 L10.295,3.322 L1.185,10.228 L-0.010,8.578 L10.295,0.765 L20.006,8.125 L29.714,0.765 L39.428,8.125 L49.122,0.781 L59.680,8.223 L69.858,1.192 L70.982,2.895 L59.669,10.710 Z'\/><\/svg>\n            <\/span>\n                    <\/div><!-- Section title -->\n    \n    \n\n    \t\t\t\t<\/div>\n\t\t\t\t<\/div>\n\t\t\t\t<div class=\"elementor-element elementor-element-4ae7374e elementor-widget elementor-widget-text-editor\" data-id=\"4ae7374e\" data-element_type=\"widget\" data-settings=\"{&quot;ekit_we_effect_on&quot;:&quot;none&quot;}\" data-widget_type=\"text-editor.default\">\n\t\t\t\t<div class=\"elementor-widget-container\">\n\t\t\t\t\t\t\t\t\t<p>Piazza Borgo Pila 40\/7 <br \/>Torre A &#8211; 16129 Genova<\/p>\t\t\t\t\t\t\t\t<\/div>\n\t\t\t\t<\/div>\n\t\t\t\t<div class=\"elementor-element elementor-element-78a57019 elementor-widget elementor-widget-text-editor\" data-id=\"78a57019\" data-element_type=\"widget\" data-settings=\"{&quot;ekit_we_effect_on&quot;:&quot;none&quot;}\" data-widget_type=\"text-editor.default\">\n\t\t\t\t<div class=\"elementor-widget-container\">\n\t\t\t\t\t\t\t\t\t<h4>Per info &amp; Ufficio Stampa<\/h4>\t\t\t\t\t\t\t\t<\/div>\n\t\t\t\t<\/div>\n\t\t\t\t<div class=\"elementor-element elementor-element-1df63237 elementor-widget elementor-widget-text-editor\" data-id=\"1df63237\" data-element_type=\"widget\" data-settings=\"{&quot;ekit_we_effect_on&quot;:&quot;none&quot;}\" data-widget_type=\"text-editor.default\">\n\t\t\t\t<div class=\"elementor-widget-container\">\n\t\t\t\t\t\t\t\t\t<p><strong>Mail: <\/strong><a href=\"mailto:info@bedigitalevent.com\">info@bedigitalevent.com<\/a><\/p>\t\t\t\t\t\t\t\t<\/div>\n\t\t\t\t<\/div>\n\t\t\t\t\t<\/div>\n\t\t<\/div>\n\t\t\t\t<div class=\"elementor-column elementor-col-50 elementor-top-column elementor-element elementor-element-12008b4c ts-tab-map\" data-id=\"12008b4c\" data-element_type=\"column\">\n\t\t\t<div class=\"elementor-widget-wrap elementor-element-populated\">\n\t\t\t\t\t\t<div class=\"elementor-element elementor-element-5835ccb1 elementor-widget elementor-widget-google_maps\" data-id=\"5835ccb1\" data-element_type=\"widget\" data-settings=\"{&quot;ekit_we_effect_on&quot;:&quot;none&quot;}\" data-widget_type=\"google_maps.default\">\n\t\t\t\t<div class=\"elementor-widget-container\">\n\t\t\t\t\t\t\t<div class=\"elementor-custom-embed\">\n\t\t\t<iframe loading=\"lazy\"\n\t\t\t\t\tsrc=\"https:\/\/maps.google.com\/maps?q=Piazza%20Borgo%20Pila%2040%2F7%2C%20Genova&#038;t=m&#038;z=14&#038;output=embed&#038;iwloc=near\"\n\t\t\t\t\ttitle=\"Piazza Borgo Pila 40\/7, Genova\"\n\t\t\t\t\taria-label=\"Piazza Borgo Pila 40\/7, Genova\"\n\t\t\t><\/iframe>\n\t\t<\/div>\n\t\t\t\t\t\t<\/div>\n\t\t\t\t<\/div>\n\t\t\t\t\t<\/div>\n\t\t<\/div>\n\t\t\t\t\t<\/div>\n\t\t<\/section>\n\t\t\t\t<section class=\"elementor-section elementor-top-section elementor-element elementor-element-6a6a5d6e elementor-section-boxed elementor-section-height-default elementor-section-height-default\" data-id=\"6a6a5d6e\" data-element_type=\"section\" data-settings=\"{&quot;background_background&quot;:&quot;classic&quot;}\">\n\t\t\t\t\t\t\t<div class=\"elementor-background-overlay\"><\/div>\n\t\t\t\t\t\t\t<div class=\"elementor-container elementor-column-gap-default\">\n\t\t\t\t\t<div class=\"elementor-column elementor-col-100 elementor-top-column elementor-element elementor-element-1d7a3f73\" data-id=\"1d7a3f73\" data-element_type=\"column\">\n\t\t\t<div class=\"elementor-widget-wrap elementor-element-populated\">\n\t\t\t\t\t\t<div class=\"elementor-element elementor-element-6cee1e71 elementor-widget elementor-widget-image\" data-id=\"6cee1e71\" data-element_type=\"widget\" data-settings=\"{&quot;ekit_we_effect_on&quot;:&quot;none&quot;}\" data-widget_type=\"image.default\">\n\t\t\t\t<div class=\"elementor-widget-container\">\n\t\t\t\t\t\t\t\t\t\t\t\t\t\t\t<img loading=\"lazy\" decoding=\"async\" width=\"554\" height=\"51\" src=\"https:\/\/www.bedigitalevent.com\/2023\/wp-content\/uploads\/2023\/06\/Be-digital-logo-2023-2.png\" class=\"attachment-1536x1536 size-1536x1536 wp-image-5860\" alt=\"\" \/>\t\t\t\t\t\t\t\t\t\t\t\t\t\t\t<\/div>\n\t\t\t\t<\/div>\n\t\t\t\t<section class=\"elementor-section elementor-inner-section elementor-element elementor-element-93a5a4 box-style elementor-section-boxed elementor-section-height-default elementor-section-height-default\" data-id=\"93a5a4\" data-element_type=\"section\" data-settings=\"{&quot;animation&quot;:&quot;none&quot;}\">\n\t\t\t\t\t\t<div class=\"elementor-container elementor-column-gap-default\">\n\t\t\t\t\t<div class=\"elementor-column elementor-col-100 elementor-inner-column elementor-element elementor-element-7b8a9f3e\" data-id=\"7b8a9f3e\" data-element_type=\"column\">\n\t\t\t<div class=\"elementor-widget-wrap elementor-element-populated\">\n\t\t\t\t\t\t<div class=\"elementor-element elementor-element-47273818 elementor-view-default elementor-widget elementor-widget-icon\" data-id=\"47273818\" data-element_type=\"widget\" data-settings=\"{&quot;ekit_we_effect_on&quot;:&quot;none&quot;}\" data-widget_type=\"icon.default\">\n\t\t\t\t<div class=\"elementor-widget-container\">\n\t\t\t\t\t\t\t<div class=\"elementor-icon-wrapper\">\n\t\t\t<div class=\"elementor-icon\">\n\t\t\t<i aria-hidden=\"true\" class=\"icon icon-camera-video\"><\/i>\t\t\t<\/div>\n\t\t<\/div>\n\t\t\t\t\t\t<\/div>\n\t\t\t\t<\/div>\n\t\t\t\t<div class=\"elementor-element elementor-element-1804bfa1 elementor-widget elementor-widget-heading\" data-id=\"1804bfa1\" data-element_type=\"widget\" data-settings=\"{&quot;ekit_we_effect_on&quot;:&quot;none&quot;}\" data-widget_type=\"heading.default\">\n\t\t\t\t<div class=\"elementor-widget-container\">\n\t\t\t\t\t<h2 class=\"elementor-heading-title elementor-size-default\">Rivedi\u00a0tutti gli speeches di Be Digital 2023!<\/h2>\t\t\t\t<\/div>\n\t\t\t\t<\/div>\n\t\t\t\t<div class=\"elementor-element elementor-element-1b6dd23b elementor-align-center animated-fast elementor-invisible elementor-widget elementor-widget-button\" data-id=\"1b6dd23b\" data-element_type=\"widget\" data-settings=\"{&quot;_animation&quot;:&quot;fadeInUp&quot;,&quot;ekit_we_effect_on&quot;:&quot;none&quot;}\" data-widget_type=\"button.default\">\n\t\t\t\t<div class=\"elementor-widget-container\">\n\t\t\t\t\t\t\t\t\t<div class=\"elementor-button-wrapper\">\n\t\t\t\t\t<a class=\"elementor-button elementor-button-link elementor-size-md\" href=\"https:\/\/www.youtube.com\/watch?v=SQdtrPgC5OQ\" target=\"_blank\">\n\t\t\t\t\t\t<span class=\"elementor-button-content-wrapper\">\n\t\t\t\t\t\t\t\t\t<span class=\"elementor-button-text\">Guarda l'evento!<\/span>\n\t\t\t\t\t<\/span>\n\t\t\t\t\t<\/a>\n\t\t\t\t<\/div>\n\t\t\t\t\t\t\t\t<\/div>\n\t\t\t\t<\/div>\n\t\t\t\t\t<\/div>\n\t\t<\/div>\n\t\t\t\t\t<\/div>\n\t\t<\/section>\n\t\t\t\t\t<\/div>\n\t\t<\/div>\n\t\t\t\t\t<\/div>\n\t\t<\/section>\n\t\t\t\t<section class=\"elementor-section elementor-top-section elementor-element elementor-element-6447ec4a elementor-hidden-desktop elementor-hidden-tablet elementor-hidden-mobile elementor-section-boxed elementor-section-height-default elementor-section-height-default\" data-id=\"6447ec4a\" data-element_type=\"section\" id=\"iscriviti\" data-settings=\"{&quot;background_background&quot;:&quot;classic&quot;}\">\n\t\t\t\t\t\t\t<div class=\"elementor-background-overlay\"><\/div>\n\t\t\t\t\t\t\t<div class=\"elementor-container elementor-column-gap-default\">\n\t\t\t\t\t<div class=\"elementor-column elementor-col-100 elementor-top-column elementor-element elementor-element-466a4200\" data-id=\"466a4200\" data-element_type=\"column\">\n\t\t\t<div class=\"elementor-widget-wrap elementor-element-populated\">\n\t\t\t\t\t\t<div class=\"elementor-element elementor-element-4bc3d74c elementor-invisible elementor-widget elementor-widget-exhibz-title\" data-id=\"4bc3d74c\" data-element_type=\"widget\" data-settings=\"{&quot;_animation&quot;:&quot;slideInUp&quot;,&quot;_animation_delay&quot;:350,&quot;ekit_we_effect_on&quot;:&quot;none&quot;}\" data-widget_type=\"exhibz-title.default\">\n\t\t\t\t<div class=\"elementor-widget-container\">\n\t\t\t\t\t\n    <div class=\"title-section-area\">\n        <h2 class=\"section-title\">\n            <span class=\"sub-title\"><\/span>\n\t\t\tNon perderti l'evento!        <\/h2>\n\t\t                    <\/div><!-- Section title -->\n    \n    \n\n    \t\t\t\t<\/div>\n\t\t\t\t<\/div>\n\t\t\t\t<div class=\"elementor-element elementor-element-e53cc21 elementor-invisible elementor-widget elementor-widget-image\" data-id=\"e53cc21\" data-element_type=\"widget\" data-settings=\"{&quot;_animation&quot;:&quot;slideInUp&quot;,&quot;_animation_delay&quot;:350,&quot;ekit_we_effect_on&quot;:&quot;none&quot;}\" data-widget_type=\"image.default\">\n\t\t\t\t<div class=\"elementor-widget-container\">\n\t\t\t\t\t\t\t\t\t\t\t\t\t\t\t<img loading=\"lazy\" decoding=\"async\" width=\"1381\" height=\"144\" src=\"https:\/\/www.bedigitalevent.com\/2023\/wp-content\/uploads\/2022\/08\/ISCRIVITI-E-PRENOTA.png\" class=\"attachment-2048x2048 size-2048x2048 wp-image-2708\" alt=\"\" \/>\t\t\t\t\t\t\t\t\t\t\t\t\t\t\t<\/div>\n\t\t\t\t<\/div>\n\t\t\t\t<section class=\"elementor-section elementor-inner-section elementor-element elementor-element-61c70a1f box-style elementor-section-boxed elementor-section-height-default elementor-section-height-default\" data-id=\"61c70a1f\" data-element_type=\"section\" data-settings=\"{&quot;animation&quot;:&quot;none&quot;}\">\n\t\t\t\t\t\t<div class=\"elementor-container elementor-column-gap-default\">\n\t\t\t\t\t<div class=\"elementor-column elementor-col-50 elementor-inner-column elementor-element elementor-element-7e097f5d\" data-id=\"7e097f5d\" data-element_type=\"column\">\n\t\t\t<div class=\"elementor-widget-wrap elementor-element-populated\">\n\t\t\t\t\t\t<div class=\"elementor-element elementor-element-4198faee elementor-view-default elementor-widget elementor-widget-icon\" data-id=\"4198faee\" data-element_type=\"widget\" data-settings=\"{&quot;ekit_we_effect_on&quot;:&quot;none&quot;}\" data-widget_type=\"icon.default\">\n\t\t\t\t<div class=\"elementor-widget-container\">\n\t\t\t\t\t\t\t<div class=\"elementor-icon-wrapper\">\n\t\t\t<div class=\"elementor-icon\">\n\t\t\t<i aria-hidden=\"true\" class=\"icon icon-users\"><\/i>\t\t\t<\/div>\n\t\t<\/div>\n\t\t\t\t\t\t<\/div>\n\t\t\t\t<\/div>\n\t\t\t\t<div class=\"elementor-element elementor-element-4fe95783 elementor-widget elementor-widget-heading\" data-id=\"4fe95783\" data-element_type=\"widget\" data-settings=\"{&quot;ekit_we_effect_on&quot;:&quot;none&quot;}\" data-widget_type=\"heading.default\">\n\t\t\t\t<div class=\"elementor-widget-container\">\n\t\t\t\t\t<h2 class=\"elementor-heading-title elementor-size-default\">Assicurati il posto<\/h2>\t\t\t\t<\/div>\n\t\t\t\t<\/div>\n\t\t\t\t<div class=\"elementor-element elementor-element-f542e5c elementor-widget elementor-widget-text-editor\" data-id=\"f542e5c\" data-element_type=\"widget\" data-settings=\"{&quot;ekit_we_effect_on&quot;:&quot;none&quot;}\" data-widget_type=\"text-editor.default\">\n\t\t\t\t<div class=\"elementor-widget-container\">\n\t\t\t\t\t\t\t\t\t<div class=\"page\" title=\"Page 10\"><div class=\"section\"><div class=\"layoutArea\"><div class=\"column\"><p style=\"text-align: center;\">Le iscrizioni per partecipare all\u2019evento dal vivo sono chiuse. <strong>Puoi seguirlo in live streaming.<\/strong><\/p><\/div><\/div><\/div><\/div>\t\t\t\t\t\t\t\t<\/div>\n\t\t\t\t<\/div>\n\t\t\t\t<div class=\"elementor-element elementor-element-5796bf76 elementor-align-center animated-fast elementor-invisible elementor-widget elementor-widget-button\" data-id=\"5796bf76\" data-element_type=\"widget\" data-settings=\"{&quot;_animation&quot;:&quot;fadeInUp&quot;,&quot;ekit_we_effect_on&quot;:&quot;none&quot;}\" data-widget_type=\"button.default\">\n\t\t\t\t<div class=\"elementor-widget-container\">\n\t\t\t\t\t\t\t\t\t<div class=\"elementor-button-wrapper\">\n\t\t\t\t\t<a class=\"elementor-button elementor-button-link elementor-size-md\" href=\"#iscriviti\">\n\t\t\t\t\t\t<span class=\"elementor-button-content-wrapper\">\n\t\t\t\t\t\t\t\t\t<span class=\"elementor-button-text\">ISCRIZIONI CHIUSE<\/span>\n\t\t\t\t\t<\/span>\n\t\t\t\t\t<\/a>\n\t\t\t\t<\/div>\n\t\t\t\t\t\t\t\t<\/div>\n\t\t\t\t<\/div>\n\t\t\t\t\t<\/div>\n\t\t<\/div>\n\t\t\t\t<div class=\"elementor-column elementor-col-50 elementor-inner-column elementor-element elementor-element-6f7fc9c0\" data-id=\"6f7fc9c0\" data-element_type=\"column\">\n\t\t\t<div class=\"elementor-widget-wrap elementor-element-populated\">\n\t\t\t\t\t\t<div class=\"elementor-element elementor-element-7ef5e7fe elementor-view-default elementor-widget elementor-widget-icon\" data-id=\"7ef5e7fe\" data-element_type=\"widget\" data-settings=\"{&quot;ekit_we_effect_on&quot;:&quot;none&quot;}\" data-widget_type=\"icon.default\">\n\t\t\t\t<div class=\"elementor-widget-container\">\n\t\t\t\t\t\t\t<div class=\"elementor-icon-wrapper\">\n\t\t\t<div class=\"elementor-icon\">\n\t\t\t<i aria-hidden=\"true\" class=\"icon icon-camera-video\"><\/i>\t\t\t<\/div>\n\t\t<\/div>\n\t\t\t\t\t\t<\/div>\n\t\t\t\t<\/div>\n\t\t\t\t<div class=\"elementor-element elementor-element-7013f394 elementor-widget elementor-widget-heading\" data-id=\"7013f394\" data-element_type=\"widget\" data-settings=\"{&quot;ekit_we_effect_on&quot;:&quot;none&quot;}\" data-widget_type=\"heading.default\">\n\t\t\t\t<div class=\"elementor-widget-container\">\n\t\t\t\t\t<h2 class=\"elementor-heading-title elementor-size-default\">Live Streaming<\/h2>\t\t\t\t<\/div>\n\t\t\t\t<\/div>\n\t\t\t\t<div class=\"elementor-element elementor-element-7a8217ba elementor-widget elementor-widget-text-editor\" data-id=\"7a8217ba\" data-element_type=\"widget\" data-settings=\"{&quot;ekit_we_effect_on&quot;:&quot;none&quot;}\" data-widget_type=\"text-editor.default\">\n\t\t\t\t<div class=\"elementor-widget-container\">\n\t\t\t\t\t\t\t\t\t<p style=\"text-align: center;\"><strong>Iscriviti gratuitamente per assistere allo streaming<\/strong> di tutti gli speeches in contemporanea con l\u2019evento, tramite piattaforma dedicata.<\/p>\t\t\t\t\t\t\t\t<\/div>\n\t\t\t\t<\/div>\n\t\t\t\t<div class=\"elementor-element elementor-element-6317437e elementor-align-center animated-fast elementor-invisible elementor-widget elementor-widget-button\" data-id=\"6317437e\" data-element_type=\"widget\" data-settings=\"{&quot;_animation&quot;:&quot;fadeInUp&quot;,&quot;ekit_we_effect_on&quot;:&quot;none&quot;}\" data-widget_type=\"button.default\">\n\t\t\t\t<div class=\"elementor-widget-container\">\n\t\t\t\t\t\t\t\t\t<div class=\"elementor-button-wrapper\">\n\t\t\t\t\t<a class=\"elementor-button elementor-button-link elementor-size-md\" href=\"\/registrazione-early-bird\/\">\n\t\t\t\t\t\t<span class=\"elementor-button-content-wrapper\">\n\t\t\t\t\t\t\t\t\t<span class=\"elementor-button-text\">SEGUI L'EVENTO IN LIVE STREAMING<\/span>\n\t\t\t\t\t<\/span>\n\t\t\t\t\t<\/a>\n\t\t\t\t<\/div>\n\t\t\t\t\t\t\t\t<\/div>\n\t\t\t\t<\/div>\n\t\t\t\t\t<\/div>\n\t\t<\/div>\n\t\t\t\t\t<\/div>\n\t\t<\/section>\n\t\t\t\t<div class=\"elementor-element elementor-element-19667ac3 elementor-hidden-desktop elementor-hidden-tablet elementor-hidden-mobile elementor-widget elementor-widget-heading\" data-id=\"19667ac3\" data-element_type=\"widget\" data-settings=\"{&quot;ekit_we_effect_on&quot;:&quot;none&quot;}\" data-widget_type=\"heading.default\">\n\t\t\t\t<div class=\"elementor-widget-container\">\n\t\t\t\t\t<h2 class=\"elementor-heading-title elementor-size-default\">SOLD OUT!<\/br>\nLe iscrizioni sono chiuse, ma \u00e8 ancora possibile partecipare alla diretta streaming.<\/h2>\t\t\t\t<\/div>\n\t\t\t\t<\/div>\n\t\t\t\t\t<\/div>\n\t\t<\/div>\n\t\t\t\t\t<\/div>\n\t\t<\/section>\n\t\t\t\t<\/div>\n\t\t","protected":false},"excerpt":{"rendered":"<p>#Cloud Antonio Baldassarra Founder &amp; CEO Con oltre trent&#8217;anni di esperienza in Elettronica, Telecomunicazioni e Informatica e una formazione in ingegneria elettronica, Antonio Baldassarra \u00e8 il fondatore di Seeweb, azienda italiana leader nei servizi infrastrutturali di Data Center e Cloud Computing. \u00c8 stato membro del comitato tecnico e del consiglio di amministrazione di Rome Nautilus [&hellip;]<\/p>\n","protected":false},"author":3,"featured_media":0,"parent":1301,"menu_order":0,"comment_status":"closed","ping_status":"closed","template":"template\/full-width-template.php","meta":{"footnotes":""},"class_list":["post-4139","page","type-page","status-publish","hentry"],"yoast_head":"<!-- This site is optimized with the Yoast SEO plugin v26.2 - https:\/\/yoast.com\/wordpress\/plugins\/seo\/ -->\n<title>Antonio Baldassarra - Speaker | Be Digital 2023<\/title>\n<meta name=\"description\" content=\"Antonio Baldassarra \u00e8 il fondatore di Seeweb, azienda italiana leader nei servizi infrastrutturali di Data Center e Cloud Computing.\" \/>\n<meta name=\"robots\" content=\"index, follow, max-snippet:-1, max-image-preview:large, max-video-preview:-1\" \/>\n<link rel=\"canonical\" href=\"https:\/\/www.bedigitalevent.com\/2023\/speakers-be-digital\/antonio-baldassarra\/\" \/>\n<meta property=\"og:locale\" content=\"it_IT\" \/>\n<meta property=\"og:type\" content=\"article\" \/>\n<meta property=\"og:title\" content=\"Antonio Baldassarra - Speaker | Be Digital 2023\" \/>\n<meta property=\"og:description\" content=\"Antonio Baldassarra \u00e8 il fondatore di Seeweb, azienda italiana leader nei servizi infrastrutturali di Data Center e Cloud Computing.\" \/>\n<meta property=\"og:url\" content=\"https:\/\/www.bedigitalevent.com\/2023\/speakers-be-digital\/antonio-baldassarra\/\" \/>\n<meta property=\"og:site_name\" content=\"BeDigital Event 2023\" \/>\n<meta property=\"article:publisher\" content=\"https:\/\/www.facebook.com\/BeDigitalEvent\" \/>\n<meta property=\"article:modified_time\" content=\"2024-01-31T17:17:49+00:00\" \/>\n<meta property=\"og:image\" content=\"https:\/\/www.bedigitalevent.com\/2023\/wp-content\/uploads\/elementor\/thumbs\/SeeWeb_Speaker-Antonio-q8djh31uoxu2jznqp6eatxmcj4ze5yr1w7xmdso1q0.png\" \/>\n<meta name=\"twitter:card\" content=\"summary_large_image\" \/>\n<meta name=\"twitter:label1\" content=\"Tempo di lettura stimato\" \/>\n\t<meta name=\"twitter:data1\" content=\"10 minuti\" \/>\n<script type=\"application\/ld+json\" class=\"yoast-schema-graph\">{\"@context\":\"https:\/\/schema.org\",\"@graph\":[{\"@type\":\"WebPage\",\"@id\":\"https:\/\/www.bedigitalevent.com\/2023\/speakers-be-digital\/antonio-baldassarra\/\",\"url\":\"https:\/\/www.bedigitalevent.com\/2023\/speakers-be-digital\/antonio-baldassarra\/\",\"name\":\"Antonio Baldassarra - Speaker | Be Digital 2023\",\"isPartOf\":{\"@id\":\"https:\/\/www.bedigitalevent.com\/2023\/#website\"},\"primaryImageOfPage\":{\"@id\":\"https:\/\/www.bedigitalevent.com\/2023\/speakers-be-digital\/antonio-baldassarra\/#primaryimage\"},\"image\":{\"@id\":\"https:\/\/www.bedigitalevent.com\/2023\/speakers-be-digital\/antonio-baldassarra\/#primaryimage\"},\"thumbnailUrl\":\"https:\/\/www.bedigitalevent.com\/2023\/wp-content\/uploads\/elementor\/thumbs\/SeeWeb_Speaker-Antonio-q8djh31uoxu2jznqp6eatxmcj4ze5yr1w7xmdso1q0.png\",\"datePublished\":\"2023-03-06T12:00:00+00:00\",\"dateModified\":\"2024-01-31T17:17:49+00:00\",\"description\":\"Antonio Baldassarra \u00e8 il fondatore di Seeweb, azienda italiana leader nei servizi infrastrutturali di Data Center e Cloud Computing.\",\"breadcrumb\":{\"@id\":\"https:\/\/www.bedigitalevent.com\/2023\/speakers-be-digital\/antonio-baldassarra\/#breadcrumb\"},\"inLanguage\":\"it-IT\",\"potentialAction\":[{\"@type\":\"ReadAction\",\"target\":[\"https:\/\/www.bedigitalevent.com\/2023\/speakers-be-digital\/antonio-baldassarra\/\"]}]},{\"@type\":\"ImageObject\",\"inLanguage\":\"it-IT\",\"@id\":\"https:\/\/www.bedigitalevent.com\/2023\/speakers-be-digital\/antonio-baldassarra\/#primaryimage\",\"url\":\"https:\/\/www.bedigitalevent.com\/2023\/wp-content\/uploads\/elementor\/thumbs\/SeeWeb_Speaker-Antonio-q8djh31uoxu2jznqp6eatxmcj4ze5yr1w7xmdso1q0.png\",\"contentUrl\":\"https:\/\/www.bedigitalevent.com\/2023\/wp-content\/uploads\/elementor\/thumbs\/SeeWeb_Speaker-Antonio-q8djh31uoxu2jznqp6eatxmcj4ze5yr1w7xmdso1q0.png\"},{\"@type\":\"BreadcrumbList\",\"@id\":\"https:\/\/www.bedigitalevent.com\/2023\/speakers-be-digital\/antonio-baldassarra\/#breadcrumb\",\"itemListElement\":[{\"@type\":\"ListItem\",\"position\":1,\"name\":\"Home\",\"item\":\"https:\/\/www.bedigitalevent.com\/2023\/\"},{\"@type\":\"ListItem\",\"position\":2,\"name\":\"Speakers\",\"item\":\"https:\/\/www.bedigitalevent.com\/2023\/speakers-be-digital\/\"},{\"@type\":\"ListItem\",\"position\":3,\"name\":\"Antonio Baldassarra\"}]},{\"@type\":\"WebSite\",\"@id\":\"https:\/\/www.bedigitalevent.com\/2023\/#website\",\"url\":\"https:\/\/www.bedigitalevent.com\/2023\/\",\"name\":\"Be Digital\",\"description\":\"\",\"publisher\":{\"@id\":\"https:\/\/www.bedigitalevent.com\/2023\/#organization\"},\"potentialAction\":[{\"@type\":\"SearchAction\",\"target\":{\"@type\":\"EntryPoint\",\"urlTemplate\":\"https:\/\/www.bedigitalevent.com\/2023\/?s={search_term_string}\"},\"query-input\":{\"@type\":\"PropertyValueSpecification\",\"valueRequired\":true,\"valueName\":\"search_term_string\"}}],\"inLanguage\":\"it-IT\"},{\"@type\":\"Organization\",\"@id\":\"https:\/\/www.bedigitalevent.com\/2023\/#organization\",\"name\":\"Be Digital\",\"url\":\"https:\/\/www.bedigitalevent.com\/2023\/\",\"logo\":{\"@type\":\"ImageObject\",\"inLanguage\":\"it-IT\",\"@id\":\"https:\/\/www.bedigitalevent.com\/2023\/#\/schema\/logo\/image\/\",\"url\":\"https:\/\/www.bedigitalevent.com\/wp-content\/uploads\/2022\/11\/BeDigital_2023_logo.png\",\"contentUrl\":\"https:\/\/www.bedigitalevent.com\/wp-content\/uploads\/2022\/11\/BeDigital_2023_logo.png\",\"width\":500,\"height\":500,\"caption\":\"Be Digital\"},\"image\":{\"@id\":\"https:\/\/www.bedigitalevent.com\/2023\/#\/schema\/logo\/image\/\"},\"sameAs\":[\"https:\/\/www.facebook.com\/BeDigitalEvent\",\"https:\/\/www.linkedin.com\/company\/bedigital-event\/\",\"https:\/\/www.instagram.com\/bedigital_event\/\"]}]}<\/script>\n<!-- \/ Yoast SEO plugin. -->","yoast_head_json":{"title":"Antonio Baldassarra - Speaker | Be Digital 2023","description":"Antonio Baldassarra \u00e8 il fondatore di Seeweb, azienda italiana leader nei servizi infrastrutturali di Data Center e Cloud Computing.","robots":{"index":"index","follow":"follow","max-snippet":"max-snippet:-1","max-image-preview":"max-image-preview:large","max-video-preview":"max-video-preview:-1"},"canonical":"https:\/\/www.bedigitalevent.com\/2023\/speakers-be-digital\/antonio-baldassarra\/","og_locale":"it_IT","og_type":"article","og_title":"Antonio Baldassarra - Speaker | Be Digital 2023","og_description":"Antonio Baldassarra \u00e8 il fondatore di Seeweb, azienda italiana leader nei servizi infrastrutturali di Data Center e Cloud Computing.","og_url":"https:\/\/www.bedigitalevent.com\/2023\/speakers-be-digital\/antonio-baldassarra\/","og_site_name":"BeDigital Event 2023","article_publisher":"https:\/\/www.facebook.com\/BeDigitalEvent","article_modified_time":"2024-01-31T17:17:49+00:00","og_image":[{"url":"https:\/\/www.bedigitalevent.com\/2023\/wp-content\/uploads\/elementor\/thumbs\/SeeWeb_Speaker-Antonio-q8djh31uoxu2jznqp6eatxmcj4ze5yr1w7xmdso1q0.png","type":"","width":"","height":""}],"twitter_card":"summary_large_image","twitter_misc":{"Tempo di lettura stimato":"10 minuti"},"schema":{"@context":"https:\/\/schema.org","@graph":[{"@type":"WebPage","@id":"https:\/\/www.bedigitalevent.com\/2023\/speakers-be-digital\/antonio-baldassarra\/","url":"https:\/\/www.bedigitalevent.com\/2023\/speakers-be-digital\/antonio-baldassarra\/","name":"Antonio Baldassarra - Speaker | Be Digital 2023","isPartOf":{"@id":"https:\/\/www.bedigitalevent.com\/2023\/#website"},"primaryImageOfPage":{"@id":"https:\/\/www.bedigitalevent.com\/2023\/speakers-be-digital\/antonio-baldassarra\/#primaryimage"},"image":{"@id":"https:\/\/www.bedigitalevent.com\/2023\/speakers-be-digital\/antonio-baldassarra\/#primaryimage"},"thumbnailUrl":"https:\/\/www.bedigitalevent.com\/2023\/wp-content\/uploads\/elementor\/thumbs\/SeeWeb_Speaker-Antonio-q8djh31uoxu2jznqp6eatxmcj4ze5yr1w7xmdso1q0.png","datePublished":"2023-03-06T12:00:00+00:00","dateModified":"2024-01-31T17:17:49+00:00","description":"Antonio Baldassarra \u00e8 il fondatore di Seeweb, azienda italiana leader nei servizi infrastrutturali di Data Center e Cloud Computing.","breadcrumb":{"@id":"https:\/\/www.bedigitalevent.com\/2023\/speakers-be-digital\/antonio-baldassarra\/#breadcrumb"},"inLanguage":"it-IT","potentialAction":[{"@type":"ReadAction","target":["https:\/\/www.bedigitalevent.com\/2023\/speakers-be-digital\/antonio-baldassarra\/"]}]},{"@type":"ImageObject","inLanguage":"it-IT","@id":"https:\/\/www.bedigitalevent.com\/2023\/speakers-be-digital\/antonio-baldassarra\/#primaryimage","url":"https:\/\/www.bedigitalevent.com\/2023\/wp-content\/uploads\/elementor\/thumbs\/SeeWeb_Speaker-Antonio-q8djh31uoxu2jznqp6eatxmcj4ze5yr1w7xmdso1q0.png","contentUrl":"https:\/\/www.bedigitalevent.com\/2023\/wp-content\/uploads\/elementor\/thumbs\/SeeWeb_Speaker-Antonio-q8djh31uoxu2jznqp6eatxmcj4ze5yr1w7xmdso1q0.png"},{"@type":"BreadcrumbList","@id":"https:\/\/www.bedigitalevent.com\/2023\/speakers-be-digital\/antonio-baldassarra\/#breadcrumb","itemListElement":[{"@type":"ListItem","position":1,"name":"Home","item":"https:\/\/www.bedigitalevent.com\/2023\/"},{"@type":"ListItem","position":2,"name":"Speakers","item":"https:\/\/www.bedigitalevent.com\/2023\/speakers-be-digital\/"},{"@type":"ListItem","position":3,"name":"Antonio Baldassarra"}]},{"@type":"WebSite","@id":"https:\/\/www.bedigitalevent.com\/2023\/#website","url":"https:\/\/www.bedigitalevent.com\/2023\/","name":"Be Digital","description":"","publisher":{"@id":"https:\/\/www.bedigitalevent.com\/2023\/#organization"},"potentialAction":[{"@type":"SearchAction","target":{"@type":"EntryPoint","urlTemplate":"https:\/\/www.bedigitalevent.com\/2023\/?s={search_term_string}"},"query-input":{"@type":"PropertyValueSpecification","valueRequired":true,"valueName":"search_term_string"}}],"inLanguage":"it-IT"},{"@type":"Organization","@id":"https:\/\/www.bedigitalevent.com\/2023\/#organization","name":"Be Digital","url":"https:\/\/www.bedigitalevent.com\/2023\/","logo":{"@type":"ImageObject","inLanguage":"it-IT","@id":"https:\/\/www.bedigitalevent.com\/2023\/#\/schema\/logo\/image\/","url":"https:\/\/www.bedigitalevent.com\/wp-content\/uploads\/2022\/11\/BeDigital_2023_logo.png","contentUrl":"https:\/\/www.bedigitalevent.com\/wp-content\/uploads\/2022\/11\/BeDigital_2023_logo.png","width":500,"height":500,"caption":"Be Digital"},"image":{"@id":"https:\/\/www.bedigitalevent.com\/2023\/#\/schema\/logo\/image\/"},"sameAs":["https:\/\/www.facebook.com\/BeDigitalEvent","https:\/\/www.linkedin.com\/company\/bedigital-event\/","https:\/\/www.instagram.com\/bedigital_event\/"]}]}},"_links":{"self":[{"href":"https:\/\/www.bedigitalevent.com\/2023\/wp-json\/wp\/v2\/pages\/4139","targetHints":{"allow":["GET"]}}],"collection":[{"href":"https:\/\/www.bedigitalevent.com\/2023\/wp-json\/wp\/v2\/pages"}],"about":[{"href":"https:\/\/www.bedigitalevent.com\/2023\/wp-json\/wp\/v2\/types\/page"}],"author":[{"embeddable":true,"href":"https:\/\/www.bedigitalevent.com\/2023\/wp-json\/wp\/v2\/users\/3"}],"replies":[{"embeddable":true,"href":"https:\/\/www.bedigitalevent.com\/2023\/wp-json\/wp\/v2\/comments?post=4139"}],"version-history":[{"count":8,"href":"https:\/\/www.bedigitalevent.com\/2023\/wp-json\/wp\/v2\/pages\/4139\/revisions"}],"predecessor-version":[{"id":6384,"href":"https:\/\/www.bedigitalevent.com\/2023\/wp-json\/wp\/v2\/pages\/4139\/revisions\/6384"}],"up":[{"embeddable":true,"href":"https:\/\/www.bedigitalevent.com\/2023\/wp-json\/wp\/v2\/pages\/1301"}],"wp:attachment":[{"href":"https:\/\/www.bedigitalevent.com\/2023\/wp-json\/wp\/v2\/media?parent=4139"}],"curies":[{"name":"wp","href":"https:\/\/api.w.org\/{rel}","templated":true}]}}